{"id":15845,"date":"2014-12-09T16:17:00","date_gmt":"2014-12-09T16:17:00","guid":{"rendered":"https:\/\/www.microlise.com\/quisommes-nous\/conseiladministratif\/"},"modified":"2026-02-03T15:04:45","modified_gmt":"2026-02-03T15:04:45","slug":"conseiladministratif","status":"publish","type":"page","link":"https:\/\/www.microlise.com\/fr\/quisommes-nous\/conseiladministratif\/","title":{"rendered":"Le conseil d&rsquo;administration"},"content":{"rendered":"<div class=\"wpb-content-wrapper\"><p>[vc_row css=\u00a0\u00bb.vc_custom_1608722709530{margin-top: 40px !important;margin-bottom: 40px !important;}\u00a0\u00bb][vc_column width=\u00a0\u00bb1\/2&Prime; el_class=\u00a0\u00bbwow animate__fadeInUp\u00a0\u00bb][vc_single_image image=\u00a0\u00bb29061&Prime; img_size=\u00a0\u00bbmicrolise-hrect\u00a0\u00bb alignment=\u00a0\u00bbcenter\u00a0\u00bb style=\u00a0\u00bbvc_box_rounded\u00a0\u00bb css=\u00a0\u00bb\u00a0\u00bb el_class=\u00a0\u00bbshadow\u00a0\u00bb][vc_custom_heading text=\u00a0\u00bbJonathan (Jon) Lee\u00a0\u00bb font_container=\u00a0\u00bbtag:h3|text_align:left\u00a0\u00bb use_theme_fonts=\u00a0\u00bbyes\u00a0\u00bb css=\u00a0\u00bb\u00a0\u00bb][vc_custom_heading text=\u00a0\u00bbPr\u00e9sident non ex\u00e9cutif\u00a0\u00bb font_container=\u00a0\u00bbtag:h4|text_align:left\u00a0\u00bb use_theme_fonts=\u00a0\u00bbyes\u00a0\u00bb css=\u00a0\u00bb\u00a0\u00bb][vc_column_text css=\u00a0\u00bb\u00a0\u00bb]<\/p>\n<p style=\"text-align: left;\">Jon est actuellement pr\u00e9sident non ex\u00e9cutif d\u2019Essensys PLC et poss\u00e8de une vaste exp\u00e9rience dans la gestion d\u2019entreprises de logiciels au Royaume-Uni, aux \u00c9tats-Unis et en Europe. Administrateur d\u2019entreprises exp\u00e9riment\u00e9, il a occup\u00e9 plusieurs postes au sein de conseils d\u2019administration, notamment chez London Bridge Software Holdings PLC, o\u00f9 il \u00e9tait PDG. Jon est titulaire d\u2019un MBA du MIT, d\u2019un dipl\u00f4me d\u2019ing\u00e9nieur en g\u00e9nie \u00e9lectrique et informatique. Il est \u00e9galement expert en comptabilit\u00e9 de gestion. Jon est fondateur du fonds de capital-risque The Technology and Innovation Fund LP, sp\u00e9cialis\u00e9 dans le secteur des logiciels B2B. Jon a rejoint le conseil d\u2019administration de Microlise en avril 2021.<\/p>\n<p>[\/vc_column_text][\/vc_column][vc_column width=\u00a0\u00bb1\/2&Prime; el_class=\u00a0\u00bbwow animate__fadeInUp\u00a0\u00bb][vc_single_image image=\u00a0\u00bb29076&Prime; img_size=\u00a0\u00bbmicrolise-hrect\u00a0\u00bb alignment=\u00a0\u00bbcenter\u00a0\u00bb style=\u00a0\u00bbvc_box_rounded\u00a0\u00bb css=\u00a0\u00bb\u00a0\u00bb el_class=\u00a0\u00bbshadow\u00a0\u00bb][vc_custom_heading text=\u00a0\u00bbNadeem Raza\u00a0\u00bb font_container=\u00a0\u00bbtag:h3|text_align:left\u00a0\u00bb use_theme_fonts=\u00a0\u00bbyes\u00a0\u00bb css=\u00a0\u00bb\u00a0\u00bb][vc_custom_heading text=\u00a0\u00bbPDG\u00a0\u00bb font_container=\u00a0\u00bbtag:h4|text_align:left\u00a0\u00bb use_theme_fonts=\u00a0\u00bbyes\u00a0\u00bb css=\u00a0\u00bb\u00a0\u00bb][vc_column_text css=\u00a0\u00bb\u00a0\u00bb]<\/p>\n<p style=\"text-align: left;\">Nadeem a l\u2019enti\u00e8re responsabilit\u00e9 de la gestion op\u00e9rationnelle et du contr\u00f4le des activit\u00e9s commerciales de Microlise. Au cours de ses 20 ans de carri\u00e8re chez Microlise, Nadeem a assum\u00e9 diverses responsabilit\u00e9s et acquis une grande exp\u00e9rience dans tous les domaines d\u2019activit\u00e9 de l\u2019entreprise, notamment les ventes, l\u2019int\u00e9gration de syst\u00e8mes, le marketing et l\u2019informatique de gestion.<\/p>\n<p>[\/vc_column_text][\/vc_column][\/vc_row][vc_row css=\u00a0\u00bb.vc_custom_1608722745432{margin-bottom: 40px !important;}\u00a0\u00bb][vc_column width=\u00a0\u00bb1\/2&Prime; el_class=\u00a0\u00bbwow animate__fadeInUp\u00a0\u00bb][vc_single_image image=\u00a0\u00bb29074&Prime; img_size=\u00a0\u00bbmicrolise-hrect\u00a0\u00bb alignment=\u00a0\u00bbcenter\u00a0\u00bb style=\u00a0\u00bbvc_box_rounded\u00a0\u00bb css=\u00a0\u00bb\u00a0\u00bb el_class=\u00a0\u00bbshadow\u00a0\u00bb][vc_custom_heading text=\u00a0\u00bbNicholas (Nick) Wightman\u00a0\u00bb font_container=\u00a0\u00bbtag:h3|text_align:left\u00a0\u00bb use_theme_fonts=\u00a0\u00bbyes\u00a0\u00bb css=\u00a0\u00bb\u00a0\u00bb][vc_custom_heading text=\u00a0\u00bbSecr\u00e9taire g\u00e9n\u00e9ral et directeur financier\u00a0\u00bb font_container=\u00a0\u00bbtag:h4|text_align:left\u00a0\u00bb use_theme_fonts=\u00a0\u00bbyes\u00a0\u00bb css=\u00a0\u00bb\u00a0\u00bb][vc_column_text css=\u00a0\u00bb\u00a0\u00bb]<\/p>\n<p style=\"text-align: left;\">Nick a rejoint Microlise en 2012 et a jou\u00e9 un r\u00f4le cl\u00e9 dans le refinancement et la r\u00e9organisation du Groupe en 2018, l\u2019acquisition de TruTac en 2020, et l\u2019implantation des filiales du Groupe en Inde, en France et en Australie. Avant de rejoindre Microlise, Nick a occup\u00e9 des postes de responsable financier chez Ardagh Group, Bombardier Transportation et Airfoil Technologies. Nick est dipl\u00f4m\u00e9 en comptabilit\u00e9 de gestion et poss\u00e8de un dipl\u00f4me ACCA en information financi\u00e8re internationale.<\/p>\n<p>[\/vc_column_text][\/vc_column][vc_column width=\u00a0\u00bb1\/2&Prime; el_class=\u00a0\u00bbwow animate__fadeInUp\u00a0\u00bb][vc_single_image image=\u00a0\u00bb29067&Prime; img_size=\u00a0\u00bbmicrolise-hrect\u00a0\u00bb alignment=\u00a0\u00bbcenter\u00a0\u00bb style=\u00a0\u00bbvc_box_rounded\u00a0\u00bb css=\u00a0\u00bb\u00a0\u00bb el_class=\u00a0\u00bbshadow\u00a0\u00bb][vc_custom_heading text=\u00a0\u00bbConstantino (Dino) Rocos\u00a0\u00bb font_container=\u00a0\u00bbtag:h3|text_align:left\u00a0\u00bb use_theme_fonts=\u00a0\u00bbyes\u00a0\u00bb css=\u00a0\u00bb\u00a0\u00bb][vc_custom_heading text=\u00a0\u00bbDirecteur non-ex\u00e9cutif\u00a0\u00bb font_container=\u00a0\u00bbtag:h4|text_align:left\u00a0\u00bb use_theme_fonts=\u00a0\u00bbyes\u00a0\u00bb css=\u00a0\u00bb\u00a0\u00bb][vc_column_text css=\u00a0\u00bb\u00a0\u00bb]<\/p>\n<p style=\"text-align: left;\">Dino est actuellement administrateur non ex\u00e9cutif de Clipper Logistics PLC, l\u2019un des fournisseurs de services logistiques les plus avant-gardiste au Royaume-Uni. Ill est membre des comit\u00e9s de Nomination, de R\u00e9mun\u00e9ration et d\u2019Audit. Dino est membre du Chartered Institute of Logistics et une personnalit\u00e9 reconnue dans le monde de la supply chain avec plus de quarante ans d\u2019exp\u00e9rience dans le secteur de la distribution au sein de l\u2019enseigne omnicanale, John Lewis Partnership. Dino a travaill\u00e9 chez John Lewis Partnership pendant de nombreuses ann\u00e9es en tant que membre du Conseil d\u2019Administration, en charge du d\u00e9veloppement et de la strat\u00e9gie logistique, transformant l\u2019enseigne britannique centenaire en leader de l\u2019omnilogistique Dino a rejoint le Conseil d\u2019Administration de Microlise en avril 2021.<\/p>\n<p>[\/vc_column_text][\/vc_column][\/vc_row][vc_row css=\u00a0\u00bb.vc_custom_1608722745432{margin-bottom: 40px !important;}\u00a0\u00bb][vc_column width=\u00a0\u00bb1\/2&Prime; el_class=\u00a0\u00bbwow animate__fadeInUp\u00a0\u00bb][vc_single_image image=\u00a0\u00bb30857&Prime; img_size=\u00a0\u00bbmicrolise-hrect\u00a0\u00bb alignment=\u00a0\u00bbcenter\u00a0\u00bb style=\u00a0\u00bbvc_box_rounded\u00a0\u00bb css=\u00a0\u00bb\u00a0\u00bb el_class=\u00a0\u00bbshadow\u00a0\u00bb][vc_custom_heading text=\u00a0\u00bbLucy Sharman-Munday\u00a0\u00bb font_container=\u00a0\u00bbtag:h3|text_align:left\u00a0\u00bb use_theme_fonts=\u00a0\u00bbyes\u00a0\u00bb css=\u00a0\u00bb\u00a0\u00bb][vc_custom_heading text=\u00a0\u00bbDirecteur non-ex\u00e9cutif\u00a0\u00bb font_container=\u00a0\u00bbtag:h4|text_align:left\u00a0\u00bb use_theme_fonts=\u00a0\u00bbyes\u00a0\u00bb css=\u00a0\u00bb\u00a0\u00bb][vc_column_text css=\u00a0\u00bb\u00a0\u00bb]<\/p>\n<p style=\"text-align: left;\">Lucy a plus de 16 ans d&rsquo;exp\u00e9rience dans le secteur technologique ; elle a travaill\u00e9 pour 5one Group, Adapt Group Ltd et iSOFT plc. Elle a \u00e9t\u00e9 directrice non ex\u00e9cutive et pr\u00e9sidente du comit\u00e9 d&rsquo;audit de Fonix Mobile PLC. Elle occupe actuellement le poste de CFO chez Eagle Eye Solutions Group PLC (depuis 2014). Lucy a d\u00e9but\u00e9 sa carri\u00e8re chez KPMG et est membre de l&rsquo;ICAEW.<\/p>\n<p>[\/vc_column_text][\/vc_column][vc_column width=\u00a0\u00bb1\/2&Prime; el_class=\u00a0\u00bbwow animate__fadeInUp\u00a0\u00bb][\/vc_column][\/vc_row][vc_row css=\u00a0\u00bb.vc_custom_1608722735391{margin-bottom: 40px !important;}\u00a0\u00bb][vc_column][vc_custom_heading text=\u00a0\u00bbCONSEIL OP\u00c9RATIONNEL\u00a0\u00bb use_theme_fonts=\u00a0\u00bbyes\u00a0\u00bb css=\u00a0\u00bb\u00a0\u00bb][\/vc_column][\/vc_row][vc_row css=\u00a0\u00bb.vc_custom_1608722751366{margin-bottom: 40px !important;}\u00a0\u00bb][vc_column width=\u00a0\u00bb1\/3&Prime; el_class=\u00a0\u00bbwow animate__fadeInUp\u00a0\u00bb][vc_single_image image=\u00a0\u00bb29112&Prime; img_size=\u00a0\u00bbmicrolise-hrect\u00a0\u00bb alignment=\u00a0\u00bbcenter\u00a0\u00bb style=\u00a0\u00bbvc_box_rounded\u00a0\u00bb css=\u00a0\u00bb\u00a0\u00bb el_class=\u00a0\u00bbshadow\u00a0\u00bb][vc_custom_heading text=\u00a0\u00bbStephen Watson\u00a0\u00bb font_container=\u00a0\u00bbtag:h4|text_align:left\u00a0\u00bb use_theme_fonts=\u00a0\u00bbyes\u00a0\u00bb css=\u00a0\u00bb\u00a0\u00bb][vc_custom_heading text=\u00a0\u00bbChef de produits\u00a0\u00bb font_container=\u00a0\u00bbtag:h5|text_align:left\u00a0\u00bb use_theme_fonts=\u00a0\u00bbyes\u00a0\u00bb css=\u00a0\u00bb\u00a0\u00bb][\/vc_column][vc_column width=\u00a0\u00bb1\/3&Prime; el_class=\u00a0\u00bbwow animate__fadeInUp\u00a0\u00bb][vc_single_image image=\u00a0\u00bb29118&Prime; img_size=\u00a0\u00bbmicrolise-hrect\u00a0\u00bb alignment=\u00a0\u00bbcenter\u00a0\u00bb style=\u00a0\u00bbvc_box_rounded\u00a0\u00bb css=\u00a0\u00bb\u00a0\u00bb el_class=\u00a0\u00bbshadow\u00a0\u00bb][vc_custom_heading text=\u00a0\u00bbTrevor McGahan\u00a0\u00bb font_container=\u00a0\u00bbtag:h4|text_align:left\u00a0\u00bb use_theme_fonts=\u00a0\u00bbyes\u00a0\u00bb css=\u00a0\u00bb\u00a0\u00bb][vc_custom_heading text=\u00a0\u00bbResponsable de la r\u00e9alisation des programmes\u00a0\u00bb font_container=\u00a0\u00bbtag:h5|text_align:left\u00a0\u00bb use_theme_fonts=\u00a0\u00bbyes\u00a0\u00bb css=\u00a0\u00bb\u00a0\u00bb][\/vc_column][vc_column width=\u00a0\u00bb1\/3&Prime; el_class=\u00a0\u00bbwow animate__fadeInUp\u00a0\u00bb][vc_single_image image=\u00a0\u00bb42833&Prime; img_size=\u00a0\u00bbmicrolise-hrect\u00a0\u00bb alignment=\u00a0\u00bbcenter\u00a0\u00bb style=\u00a0\u00bbvc_box_rounded\u00a0\u00bb css=\u00a0\u00bb\u00a0\u00bb el_class=\u00a0\u00bbshadow\u00a0\u00bb][vc_custom_heading text=\u00a0\u00bbMike Blackburn\u00a0\u00bb font_container=\u00a0\u00bbtag:h4|text_align:left\u00a0\u00bb use_theme_fonts=\u00a0\u00bbyes\u00a0\u00bb css=\u00a0\u00bb\u00a0\u00bb][vc_custom_heading text=\u00a0\u00bbChief Revenue Officer\u00a0\u00bb font_container=\u00a0\u00bbtag:h5|text_align:left\u00a0\u00bb use_theme_fonts=\u00a0\u00bbyes\u00a0\u00bb css=\u00a0\u00bb\u00a0\u00bb][\/vc_column][\/vc_row][vc_row css=\u00a0\u00bb.vc_custom_1608722766841{margin-bottom: 40px !important;}\u00a0\u00bb][vc_column width=\u00a0\u00bb1\/3&Prime; el_class=\u00a0\u00bbwow animate__fadeInUp\u00a0\u00bb][vc_single_image image=\u00a0\u00bb47715&Prime; img_size=\u00a0\u00bbmicrolise-hrect\u00a0\u00bb alignment=\u00a0\u00bbcenter\u00a0\u00bb style=\u00a0\u00bbvc_box_rounded\u00a0\u00bb css=\u00a0\u00bb\u00a0\u00bb el_class=\u00a0\u00bbshadow\u00a0\u00bb][vc_custom_heading text=\u00a0\u00bbDean Garvey-North\u00a0\u00bb font_container=\u00a0\u00bbtag:h4|text_align:left\u00a0\u00bb use_theme_fonts=\u00a0\u00bbyes\u00a0\u00bb css=\u00a0\u00bb\u00a0\u00bb][vc_custom_heading text=\u00a0\u00bbChief Technology Officer\u00a0\u00bb font_container=\u00a0\u00bbtag:h5|text_align:left\u00a0\u00bb use_theme_fonts=\u00a0\u00bbyes\u00a0\u00bb css=\u00a0\u00bb\u00a0\u00bb][\/vc_column][vc_column width=\u00a0\u00bb1\/3&Prime; el_class=\u00a0\u00bbwow animate__fadeInUp\u00a0\u00bb][vc_single_image image=\u00a0\u00bb29094&Prime; img_size=\u00a0\u00bbmicrolise-hrect\u00a0\u00bb alignment=\u00a0\u00bbcenter\u00a0\u00bb style=\u00a0\u00bbvc_box_rounded\u00a0\u00bb css=\u00a0\u00bb\u00a0\u00bb el_class=\u00a0\u00bbshadow\u00a0\u00bb][vc_custom_heading text=\u00a0\u00bbJackie Mitchell\u00a0\u00bb font_container=\u00a0\u00bbtag:h4|text_align:left\u00a0\u00bb use_theme_fonts=\u00a0\u00bbyes\u00a0\u00bb css=\u00a0\u00bb\u00a0\u00bb][vc_custom_heading text=\u00a0\u00bbResponsable des ressources humaines\u00a0\u00bb font_container=\u00a0\u00bbtag:h5|text_align:left\u00a0\u00bb use_theme_fonts=\u00a0\u00bbyes\u00a0\u00bb css=\u00a0\u00bb\u00a0\u00bb][\/vc_column][vc_column width=\u00a0\u00bb1\/3&Prime;][\/vc_column][\/vc_row]<\/p>\n<\/div>","protected":false},"excerpt":{"rendered":"<p>[vc_row css=\u00a0\u00bb.vc_custom_1608722709530{margin-top: 40px !important;margin-bottom: 40px !important;}\u00a0\u00bb][vc_column width=\u00a0\u00bb1\/2&Prime; el_class=\u00a0\u00bbwow animate__fadeInUp\u00a0\u00bb][vc_single_image image=\u00a0\u00bb29061&Prime; img_size=\u00a0\u00bbmicrolise-hrect\u00a0\u00bb alignment=\u00a0\u00bbcenter\u00a0\u00bb style=\u00a0\u00bbvc_box_rounded\u00a0\u00bb css=\u00a0\u00bb\u00a0\u00bb el_class=\u00a0\u00bbshadow\u00a0\u00bb][vc_custom_heading text=\u00a0\u00bbJonathan (Jon) Lee\u00a0\u00bb font_container=\u00a0\u00bbtag:h3|text_align:left\u00a0\u00bb use_theme_fonts=\u00a0\u00bbyes\u00a0\u00bb css=\u00a0\u00bb\u00a0\u00bb][vc_custom_heading text=\u00a0\u00bbPr\u00e9sident non ex\u00e9cutif\u00a0\u00bb font_container=\u00a0\u00bbtag:h4|text_align:left\u00a0\u00bb use_theme_fonts=\u00a0\u00bbyes\u00a0\u00bb css=\u00a0\u00bb\u00a0\u00bb][vc_column_text css=\u00a0\u00bb\u00a0\u00bb] Jon est actuellement pr\u00e9sident non ex\u00e9cutif d\u2019Essensys PLC et poss\u00e8de une vaste exp\u00e9rience dans la gestion d\u2019entreprises de logiciels au Royaume-Uni, aux \u00c9tats-Unis et en Europe. Administrateur&hellip; <\/p>\n","protected":false},"author":4,"featured_media":40273,"parent":15839,"menu_order":86,"comment_status":"closed","ping_status":"closed","template":"","meta":{"footnotes":""},"class_list":["post-15845","page","type-page","status-publish","has-post-thumbnail","hentry","entry"],"yoast_head":"<!-- This site is optimized with the Yoast SEO Premium plugin v25.7.1 (Yoast SEO v27.4) - https:\/\/yoast.com\/product\/yoast-seo-premium-wordpress\/ -->\n<title>Le conseil d&#039;administration - Microlise France<\/title>\n<meta name=\"description\" content=\"9 d\u00e9cembre 2014 - Le conseil d&#039;administration\" \/>\n<meta name=\"robots\" content=\"index, follow, max-snippet:-1, max-image-preview:large, max-video-preview:-1\" \/>\n<link rel=\"canonical\" href=\"https:\/\/www.microlise.com\/fr\/quisommes-nous\/conseiladministratif\/\" \/>\n<meta property=\"og:locale\" content=\"fr_FR\" \/>\n<meta property=\"og:type\" content=\"article\" \/>\n<meta property=\"og:title\" content=\"Le conseil d&#039;administration\" \/>\n<meta property=\"og:description\" content=\"9 d\u00e9cembre 2014 - Le conseil d&#039;administration\" \/>\n<meta property=\"og:url\" content=\"https:\/\/www.microlise.com\/fr\/quisommes-nous\/conseiladministratif\/\" \/>\n<meta property=\"og:site_name\" content=\"Microlise France\" \/>\n<meta property=\"article:publisher\" content=\"https:\/\/www.facebook.com\/MicroliseFR\/\" \/>\n<meta property=\"article:modified_time\" content=\"2026-02-03T15:04:45+00:00\" \/>\n<meta property=\"og:image\" content=\"https:\/\/www.microlise.com\/wp-content\/uploads\/2024\/06\/home-banner.jpg\" \/>\n\t<meta property=\"og:image:width\" content=\"1673\" \/>\n\t<meta property=\"og:image:height\" content=\"938\" \/>\n\t<meta property=\"og:image:type\" content=\"image\/jpeg\" \/>\n<meta name=\"twitter:card\" content=\"summary_large_image\" \/>\n<meta name=\"twitter:site\" content=\"@microlise\" \/>\n<meta name=\"twitter:label1\" content=\"Dur\u00e9e de lecture estim\u00e9e\" \/>\n\t<meta name=\"twitter:data1\" content=\"4 minutes\" \/>\n<script type=\"application\/ld+json\" class=\"yoast-schema-graph\">{\"@context\":\"https:\\\/\\\/schema.org\",\"@graph\":[{\"@type\":\"WebPage\",\"@id\":\"https:\\\/\\\/www.microlise.com\\\/fr\\\/quisommes-nous\\\/conseiladministratif\\\/\",\"url\":\"https:\\\/\\\/www.microlise.com\\\/fr\\\/quisommes-nous\\\/conseiladministratif\\\/\",\"name\":\"Le conseil d'administration - Microlise France\",\"isPartOf\":{\"@id\":\"https:\\\/\\\/www.microlise.com\\\/fr\\\/#website\"},\"primaryImageOfPage\":{\"@id\":\"https:\\\/\\\/www.microlise.com\\\/fr\\\/quisommes-nous\\\/conseiladministratif\\\/#primaryimage\"},\"image\":{\"@id\":\"https:\\\/\\\/www.microlise.com\\\/fr\\\/quisommes-nous\\\/conseiladministratif\\\/#primaryimage\"},\"thumbnailUrl\":\"https:\\\/\\\/www.microlise.com\\\/wp-content\\\/uploads\\\/2024\\\/06\\\/home-banner.jpg\",\"datePublished\":\"2014-12-09T16:17:00+00:00\",\"dateModified\":\"2026-02-03T15:04:45+00:00\",\"description\":\"9 d\u00e9cembre 2014 - Le conseil d'administration\",\"breadcrumb\":{\"@id\":\"https:\\\/\\\/www.microlise.com\\\/fr\\\/quisommes-nous\\\/conseiladministratif\\\/#breadcrumb\"},\"inLanguage\":\"fr-FR\",\"potentialAction\":[{\"@type\":\"ReadAction\",\"target\":[\"https:\\\/\\\/www.microlise.com\\\/fr\\\/quisommes-nous\\\/conseiladministratif\\\/\"]}]},{\"@type\":\"ImageObject\",\"inLanguage\":\"fr-FR\",\"@id\":\"https:\\\/\\\/www.microlise.com\\\/fr\\\/quisommes-nous\\\/conseiladministratif\\\/#primaryimage\",\"url\":\"https:\\\/\\\/www.microlise.com\\\/wp-content\\\/uploads\\\/2024\\\/06\\\/home-banner.jpg\",\"contentUrl\":\"https:\\\/\\\/www.microlise.com\\\/wp-content\\\/uploads\\\/2024\\\/06\\\/home-banner.jpg\",\"width\":1673,\"height\":938,\"caption\":\"Advanced telematics and logistics analytics for transportation efficiency.\"},{\"@type\":\"BreadcrumbList\",\"@id\":\"https:\\\/\\\/www.microlise.com\\\/fr\\\/quisommes-nous\\\/conseiladministratif\\\/#breadcrumb\",\"itemListElement\":[{\"@type\":\"ListItem\",\"position\":1,\"name\":\"Home\",\"item\":\"https:\\\/\\\/www.microlise.com\\\/fr\\\/\"},{\"@type\":\"ListItem\",\"position\":2,\"name\":\"Qui sommes-nous ?\",\"item\":\"https:\\\/\\\/www.microlise.com\\\/fr\\\/quisommes-nous\\\/\"},{\"@type\":\"ListItem\",\"position\":3,\"name\":\"Le conseil d&#8217;administration\"}]},{\"@type\":\"WebSite\",\"@id\":\"https:\\\/\\\/www.microlise.com\\\/fr\\\/#website\",\"url\":\"https:\\\/\\\/www.microlise.com\\\/fr\\\/\",\"name\":\"Microlise France\",\"description\":\"Telematics, Transport &amp; Fleet Management Solutions\",\"publisher\":{\"@id\":\"https:\\\/\\\/www.microlise.com\\\/fr\\\/#organization\"},\"alternateName\":\"Microlise\",\"potentialAction\":[{\"@type\":\"SearchAction\",\"target\":{\"@type\":\"EntryPoint\",\"urlTemplate\":\"https:\\\/\\\/www.microlise.com\\\/fr\\\/?s={search_term_string}\"},\"query-input\":{\"@type\":\"PropertyValueSpecification\",\"valueRequired\":true,\"valueName\":\"search_term_string\"}}],\"inLanguage\":\"fr-FR\"},{\"@type\":\"Organization\",\"@id\":\"https:\\\/\\\/www.microlise.com\\\/fr\\\/#organization\",\"name\":\"Microlise\",\"alternateName\":\"Microlise\",\"url\":\"https:\\\/\\\/www.microlise.com\\\/fr\\\/\",\"logo\":{\"@type\":\"ImageObject\",\"inLanguage\":\"fr-FR\",\"@id\":\"https:\\\/\\\/www.microlise.com\\\/fr\\\/#\\\/schema\\\/logo\\\/image\\\/\",\"url\":\"https:\\\/\\\/www.microlise.com\\\/wp-content\\\/uploads\\\/2024\\\/06\\\/cropped-Microlise-Logo-Primary-Electric-1.png\",\"contentUrl\":\"https:\\\/\\\/www.microlise.com\\\/wp-content\\\/uploads\\\/2024\\\/06\\\/cropped-Microlise-Logo-Primary-Electric-1.png\",\"width\":235,\"height\":30,\"caption\":\"Microlise\"},\"image\":{\"@id\":\"https:\\\/\\\/www.microlise.com\\\/fr\\\/#\\\/schema\\\/logo\\\/image\\\/\"},\"sameAs\":[\"https:\\\/\\\/www.facebook.com\\\/MicroliseFR\\\/\",\"https:\\\/\\\/x.com\\\/microlise\",\"https:\\\/\\\/www.linkedin.com\\\/company\\\/microlise\",\"https:\\\/\\\/www.youtube.com\\\/user\\\/MicroliseLtd\"]}]}<\/script>\n<!-- \/ Yoast SEO Premium plugin. -->","yoast_head_json":{"title":"Le conseil d'administration - Microlise France","description":"9 d\u00e9cembre 2014 - Le conseil d'administration","robots":{"index":"index","follow":"follow","max-snippet":"max-snippet:-1","max-image-preview":"max-image-preview:large","max-video-preview":"max-video-preview:-1"},"canonical":"https:\/\/www.microlise.com\/fr\/quisommes-nous\/conseiladministratif\/","og_locale":"fr_FR","og_type":"article","og_title":"Le conseil d'administration","og_description":"9 d\u00e9cembre 2014 - Le conseil d'administration","og_url":"https:\/\/www.microlise.com\/fr\/quisommes-nous\/conseiladministratif\/","og_site_name":"Microlise France","article_publisher":"https:\/\/www.facebook.com\/MicroliseFR\/","article_modified_time":"2026-02-03T15:04:45+00:00","og_image":[{"width":1673,"height":938,"url":"https:\/\/www.microlise.com\/wp-content\/uploads\/2024\/06\/home-banner.jpg","type":"image\/jpeg"}],"twitter_card":"summary_large_image","twitter_site":"@microlise","twitter_misc":{"Dur\u00e9e de lecture estim\u00e9e":"4 minutes"},"schema":{"@context":"https:\/\/schema.org","@graph":[{"@type":"WebPage","@id":"https:\/\/www.microlise.com\/fr\/quisommes-nous\/conseiladministratif\/","url":"https:\/\/www.microlise.com\/fr\/quisommes-nous\/conseiladministratif\/","name":"Le conseil d'administration - Microlise France","isPartOf":{"@id":"https:\/\/www.microlise.com\/fr\/#website"},"primaryImageOfPage":{"@id":"https:\/\/www.microlise.com\/fr\/quisommes-nous\/conseiladministratif\/#primaryimage"},"image":{"@id":"https:\/\/www.microlise.com\/fr\/quisommes-nous\/conseiladministratif\/#primaryimage"},"thumbnailUrl":"https:\/\/www.microlise.com\/wp-content\/uploads\/2024\/06\/home-banner.jpg","datePublished":"2014-12-09T16:17:00+00:00","dateModified":"2026-02-03T15:04:45+00:00","description":"9 d\u00e9cembre 2014 - Le conseil d'administration","breadcrumb":{"@id":"https:\/\/www.microlise.com\/fr\/quisommes-nous\/conseiladministratif\/#breadcrumb"},"inLanguage":"fr-FR","potentialAction":[{"@type":"ReadAction","target":["https:\/\/www.microlise.com\/fr\/quisommes-nous\/conseiladministratif\/"]}]},{"@type":"ImageObject","inLanguage":"fr-FR","@id":"https:\/\/www.microlise.com\/fr\/quisommes-nous\/conseiladministratif\/#primaryimage","url":"https:\/\/www.microlise.com\/wp-content\/uploads\/2024\/06\/home-banner.jpg","contentUrl":"https:\/\/www.microlise.com\/wp-content\/uploads\/2024\/06\/home-banner.jpg","width":1673,"height":938,"caption":"Advanced telematics and logistics analytics for transportation efficiency."},{"@type":"BreadcrumbList","@id":"https:\/\/www.microlise.com\/fr\/quisommes-nous\/conseiladministratif\/#breadcrumb","itemListElement":[{"@type":"ListItem","position":1,"name":"Home","item":"https:\/\/www.microlise.com\/fr\/"},{"@type":"ListItem","position":2,"name":"Qui sommes-nous ?","item":"https:\/\/www.microlise.com\/fr\/quisommes-nous\/"},{"@type":"ListItem","position":3,"name":"Le conseil d&#8217;administration"}]},{"@type":"WebSite","@id":"https:\/\/www.microlise.com\/fr\/#website","url":"https:\/\/www.microlise.com\/fr\/","name":"Microlise France","description":"Telematics, Transport &amp; Fleet Management Solutions","publisher":{"@id":"https:\/\/www.microlise.com\/fr\/#organization"},"alternateName":"Microlise","potentialAction":[{"@type":"SearchAction","target":{"@type":"EntryPoint","urlTemplate":"https:\/\/www.microlise.com\/fr\/?s={search_term_string}"},"query-input":{"@type":"PropertyValueSpecification","valueRequired":true,"valueName":"search_term_string"}}],"inLanguage":"fr-FR"},{"@type":"Organization","@id":"https:\/\/www.microlise.com\/fr\/#organization","name":"Microlise","alternateName":"Microlise","url":"https:\/\/www.microlise.com\/fr\/","logo":{"@type":"ImageObject","inLanguage":"fr-FR","@id":"https:\/\/www.microlise.com\/fr\/#\/schema\/logo\/image\/","url":"https:\/\/www.microlise.com\/wp-content\/uploads\/2024\/06\/cropped-Microlise-Logo-Primary-Electric-1.png","contentUrl":"https:\/\/www.microlise.com\/wp-content\/uploads\/2024\/06\/cropped-Microlise-Logo-Primary-Electric-1.png","width":235,"height":30,"caption":"Microlise"},"image":{"@id":"https:\/\/www.microlise.com\/fr\/#\/schema\/logo\/image\/"},"sameAs":["https:\/\/www.facebook.com\/MicroliseFR\/","https:\/\/x.com\/microlise","https:\/\/www.linkedin.com\/company\/microlise","https:\/\/www.youtube.com\/user\/MicroliseLtd"]}]}},"cmb2":{"microlise_home_banner_metabox":{"microlise_home_banner_title":"","microlise_home_banner_content":"","microlise_home_banner_image":"","microlise_home_banner_image_id":"","microlise_home_banner_vtype":"","microlise_home_banner_VID":"","microlise_home_banner_Vcode":"","microlise_home_banner_cta":"","microlise_home_banner_hctatxt":"","microlise_home_banner_hctaurl":"","microlise_home_banner_hctabgcolor":"","microlise_home_banner_hctatcolor":"","microlise_home_banner_hctatxt2":"","microlise_home_banner_hctaurl2":"","microlise_home_banner_hctabgcolor2":"","microlise_home_banner_hctatcolor2":""},"microlise_home_customersmetabox":{"microlise_home_customers_title":"","microlise_home_customers_logo":""},"microlise_home_infometabox":{"microlise_home_info_title":"","microlise_home_info_details":""},"microlise_home_product_metabox":{"microlise_home_product_details":""},"microlise_home_awards_metabox":{"microlise_home_awards_title":"","microlise_home_awards_sub_text":"","microlise_home_awards_logo":"","microlise_home_awards_logo_id":"","microlise_home_awards_link":"","microlise_home_awards_button":""},"microlise_home_faq_metabox":{"microlise_home_faq_title":"","microlise_home_faq_details":""},"microlise_page_metabox":{"microlise_page_title":"","microlise_page_use_title":"","microlise_page_btext":"","microlise_page_cta":"","microlise_page_hctatxt":"","microlise_page_hctaurl":"","microlise_page_hctabgcolor":"#01CBDE","microlise_page_hctatcolor":"#151D25","microlise_page_hctatxt2":"","microlise_page_hctaurl2":"","microlise_page_hctabgcolor2":"","microlise_page_hctatcolor2":"#151D25","microlise_page_video":"","microlise_page_vtype":"","microlise_page_VID":"","microlise_page_Vcode":""},"microlise_page_pometabox":{"microlise_page_embed":""},"microlise_page_fleet_metabox":{"microlise_page_fleet_case_study":"","microlise_page_fleet_cimage":"","microlise_page_fleet_cimage_id":"","microlise_page_fleet_ctitle":"","microlise_page_fleet_ct_color":"","microlise_page_fleet_ccontent":"","microlise_page_fleet_ccontent_color":"","microlise_page_fleet_crbtn_text":"","microlise_page_fleet_crbtn_link":"","microlise_page_fleet_crbbgcolor":"","microlise_page_fleet_crbtcolor":"","microlise_page_fleet_crbgcolor":"","microlise_page_fleet_brochure":"","microlise_page_fleet_brtype":"","microlise_page_fleet_bimage":"","microlise_page_fleet_bimage_id":"","microlise_page_fleet_btitle":"","microlise_page_fleet_bt_color":"","microlise_page_fleet_bcontent":"","microlise_page_fleet_bcontent_color":"","microlise_page_fleet_brbtn_text":"","microlise_page_fleet_brbbgcolor":"","microlise_page_fleet_brbtcolor":"","microlise_page_fleet_brbgcolor":"","microlise_page_fleet_hide_brochure":"","microlise_page_fleet_rimage":"","microlise_page_fleet_rimage_id":"","microlise_page_fleet_rtitle":"","microlise_page_fleet_rt_color":"","microlise_page_fleet_rcontent":"","microlise_page_fleet_rcontent_color":"","microlise_page_fleet_rebgcolor":"","microlise_page_fleet_rebtn_text":"","microlise_page_fleet_hide_report":"","microlise_page_fleet_benefit":"","microlise_page_fleet_bctatxt":"","microlise_page_fleet_bctaurl":"","microlise_page_fleet_bctabgcolor":"","microlise_page_fleet_bctatcolor":"","microlise_page_fleet_benefits":"","microlise_page_fleet_feature":"","microlise_page_fleet_features":"","microlise_page_fleet_anfeature":"","microlise_page_fleet_anfeatures":"","microlise_page_fleet_thirdfeature":"","microlise_page_fleet_thirdfeatures":"","microlise_page_fleet_faq":"","microlise_page_fleet_faqtitle":"","microlise_page_fleet_faqs":"","microlise_page_fleet_strip":"","microlise_page_fleet_stitle":"","microlise_page_fleet_sbtntext":"","microlise_page_fleet_sbtnurl":""}},"_links":{"self":[{"href":"https:\/\/www.microlise.com\/fr\/wp-json\/wp\/v2\/pages\/15845","targetHints":{"allow":["GET"]}}],"collection":[{"href":"https:\/\/www.microlise.com\/fr\/wp-json\/wp\/v2\/pages"}],"about":[{"href":"https:\/\/www.microlise.com\/fr\/wp-json\/wp\/v2\/types\/page"}],"author":[{"embeddable":true,"href":"https:\/\/www.microlise.com\/fr\/wp-json\/wp\/v2\/users\/4"}],"replies":[{"embeddable":true,"href":"https:\/\/www.microlise.com\/fr\/wp-json\/wp\/v2\/comments?post=15845"}],"version-history":[{"count":0,"href":"https:\/\/www.microlise.com\/fr\/wp-json\/wp\/v2\/pages\/15845\/revisions"}],"up":[{"embeddable":true,"href":"https:\/\/www.microlise.com\/fr\/wp-json\/wp\/v2\/pages\/15839"}],"wp:featuredmedia":[{"embeddable":true,"href":"https:\/\/www.microlise.com\/fr\/wp-json\/wp\/v2\/media\/40273"}],"wp:attachment":[{"href":"https:\/\/www.microlise.com\/fr\/wp-json\/wp\/v2\/media?parent=15845"}],"curies":[{"name":"wp","href":"https:\/\/api.w.org\/{rel}","templated":true}]}}